{"id":47,"date":"2025-09-10T08:25:31","date_gmt":"2025-09-10T06:25:31","guid":{"rendered":"https:\/\/www.kananas.com\/seiken11040\/?page_id=47"},"modified":"2025-09-17T10:00:54","modified_gmt":"2025-09-17T08:00:54","slug":"tarifs","status":"publish","type":"page","link":"https:\/\/www.kananas.com\/academie-seiken-arts-martiaux\/tarifs\/","title":{"rendered":"Tarifs"},"content":{"rendered":"\n<div style=\"height:30px\" aria-hidden=\"true\" class=\"wp-block-spacer\"><\/div>\n\n\n<div class=\"wp-block-image\">\n<figure class=\"aligncenter size-large\"><img loading=\"lazy\" decoding=\"async\" width=\"689\" height=\"1024\" src=\"https:\/\/www.kananas.com\/academie-seiken-arts-martiaux\/wp-content\/uploads\/sites\/2413\/2025\/09\/tarifs-689x1024.png\" alt=\"\" class=\"wp-image-184\" srcset=\"https:\/\/www.kananas.com\/academie-seiken-arts-martiaux\/wp-content\/uploads\/sites\/2413\/2025\/09\/tarifs-689x1024.png 689w, https:\/\/www.kananas.com\/academie-seiken-arts-martiaux\/wp-content\/uploads\/sites\/2413\/2025\/09\/tarifs-202x300.png 202w, https:\/\/www.kananas.com\/academie-seiken-arts-martiaux\/wp-content\/uploads\/sites\/2413\/2025\/09\/tarifs-768x1141.png 768w, https:\/\/www.kananas.com\/academie-seiken-arts-martiaux\/wp-content\/uploads\/sites\/2413\/2025\/09\/tarifs-1034x1536.png 1034w, https:\/\/www.kananas.com\/academie-seiken-arts-martiaux\/wp-content\/uploads\/sites\/2413\/2025\/09\/tarifs-50x74.png 50w, https:\/\/www.kananas.com\/academie-seiken-arts-martiaux\/wp-content\/uploads\/sites\/2413\/2025\/09\/tarifs.png 1244w\" sizes=\"auto, (max-width: 689px) 100vw, 689px\" \/><\/figure>\n<\/div>\n\n\n<div style=\"height:30px\" aria-hidden=\"true\" class=\"wp-block-spacer\"><\/div>\n\n\n\n<p class=\"wp-block-paragraph\">Tarifs Club(Licence comprise ), la saison s\u2019entend hors vacances scolaires.<br>R\u00e9glement par Cb\/ch\u00e8que ou Esp\u00e8ce.<br>Possibilit\u00e9 de r\u00e9gler en plusieurs fois .<\/p>\n","protected":false},"excerpt":{"rendered":"<p>Tarifs Club(Licence comprise ), la saison s\u2019entend hors vacances scolaires.R\u00e9glement par Cb\/ch\u00e8que ou Esp\u00e8ce.Possibilit\u00e9 de r\u00e9gler en plusieurs fois .<\/p>\n","protected":false},"author":1,"featured_media":0,"parent":0,"menu_order":0,"comment_status":"closed","ping_status":"closed","template":"page-full-width.php","meta":{"_crdt_document":"","footnotes":""},"class_list":["entry","page","publish","author-admin","post-47"],"_links":{"self":[{"href":"https:\/\/www.kananas.com\/academie-seiken-arts-martiaux\/wp-json\/wp\/v2\/pages\/47","targetHints":{"allow":["GET"]}}],"collection":[{"href":"https:\/\/www.kananas.com\/academie-seiken-arts-martiaux\/wp-json\/wp\/v2\/pages"}],"about":[{"href":"https:\/\/www.kananas.com\/academie-seiken-arts-martiaux\/wp-json\/wp\/v2\/types\/page"}],"author":[{"embeddable":true,"href":"https:\/\/www.kananas.com\/academie-seiken-arts-martiaux\/wp-json\/wp\/v2\/users\/1"}],"replies":[{"embeddable":true,"href":"https:\/\/www.kananas.com\/academie-seiken-arts-martiaux\/wp-json\/wp\/v2\/comments?post=47"}],"version-history":[{"count":4,"href":"https:\/\/www.kananas.com\/academie-seiken-arts-martiaux\/wp-json\/wp\/v2\/pages\/47\/revisions"}],"predecessor-version":[{"id":186,"href":"https:\/\/www.kananas.com\/academie-seiken-arts-martiaux\/wp-json\/wp\/v2\/pages\/47\/revisions\/186"}],"wp:attachment":[{"href":"https:\/\/www.kananas.com\/academie-seiken-arts-martiaux\/wp-json\/wp\/v2\/media?parent=47"}],"curies":[{"name":"wp","href":"https:\/\/api.w.org\/{rel}","templated":true}]}}