{"id":56,"date":"2019-03-08T11:20:40","date_gmt":"2019-03-08T10:20:40","guid":{"rendered":"http:\/\/www.kananas.com\/associationacdelagardonnenque3123\/?page_id=56"},"modified":"2025-03-19T10:19:05","modified_gmt":"2025-03-19T09:19:05","slug":"club-adolescents","status":"publish","type":"page","link":"https:\/\/www.kananas.com\/associationacdelagardonnenque3123\/club-adolescents\/","title":{"rendered":"Club Adolescents"},"content":{"rendered":"<blockquote>\n<p align=\"CENTER\"><span style=\"color: #0073aa;font-size: 12pt\">\u00ab\u00a0Apprendre \u00e0 nager, c\u2019est apprendre \u00e0 avoir confiance en soi et apprendre \u00e0 repousser ses propres limites\u00a0\u00bb<\/span><\/p>\n<\/blockquote>\n<h1><span style=\"color: #0073aa\">Cours de natation pour les adolescents 14-16 ans<br \/>\n<\/span><\/h1>\n<p align=\"JUSTIFY\">Les cours de natation d\u2019une <strong>dur\u00e9e de 45 mn,<\/strong> \u00e0 raison d\u2019un cours par semaine de Mai \u00e0 mi-Octobre, sont dispens\u00e9s par un <strong>ma\u00eetre nageur sauveteur dipl\u00f4m\u00e9 d\u2019\u00e9tat,<\/strong> poss\u00e9dant \u00e9galement un <strong>Brevet d\u2019\u00c9tat d\u2019Educateur Sportif en Natation<\/strong>.<br \/>\nCes dipl\u00f4mes sont la garantie de la ma\u00eetrise de l\u2019enseignement de la natation.<\/p>\n<p>Entra\u00eenement &#8211; initiation sauvetage &#8211; initiation cross fit.<\/p>\n<p><strong>Pour un suivi p\u00e9dagogique optimal, nous tenons \u00e0 attirer votre attention sur l\u2019importance de l\u2019assiduit\u00e9 aux cours de natation.<\/strong><br \/>\nEn cas d\u2019absence prolong\u00e9e, notamment pour maladie, veuillez si possible nous en informer au pr\u00e9alable.<\/p>\n<h2 align=\"JUSTIFY\"><span style=\"color: #0073aa\">Horaires<\/span><\/h2>\n<p><strong>SAMEDI de 18h15 \u00e0 19h00<\/strong><br \/>\nNageuses Nageurs exp\u00e9riment\u00e9s<\/p>\n<p><img loading=\"lazy\" decoding=\"async\" class=\"cadre alignnone wp-image-465 \" src=\"http:\/\/www.kananas.com\/associationacdelagardonnenque3123\/wp-content\/uploads\/sites\/1383\/2020\/01\/IMG_6809-300x225.jpg\" alt=\"\" width=\"560\" height=\"420\" srcset=\"https:\/\/www.kananas.com\/associationacdelagardonnenque3123\/wp-content\/uploads\/sites\/1383\/2020\/01\/IMG_6809-300x225.jpg 300w, https:\/\/www.kananas.com\/associationacdelagardonnenque3123\/wp-content\/uploads\/sites\/1383\/2020\/01\/IMG_6809-1024x768.jpg 1024w, https:\/\/www.kananas.com\/associationacdelagardonnenque3123\/wp-content\/uploads\/sites\/1383\/2020\/01\/IMG_6809-150x113.jpg 150w, https:\/\/www.kananas.com\/associationacdelagardonnenque3123\/wp-content\/uploads\/sites\/1383\/2020\/01\/IMG_6809-768x576.jpg 768w, https:\/\/www.kananas.com\/associationacdelagardonnenque3123\/wp-content\/uploads\/sites\/1383\/2020\/01\/IMG_6809-1536x1152.jpg 1536w, https:\/\/www.kananas.com\/associationacdelagardonnenque3123\/wp-content\/uploads\/sites\/1383\/2020\/01\/IMG_6809-2048x1536.jpg 2048w, https:\/\/www.kananas.com\/associationacdelagardonnenque3123\/wp-content\/uploads\/sites\/1383\/2020\/01\/IMG_6809-624x468.jpg 624w\" sizes=\"auto, (max-width: 560px) 100vw, 560px\" \/><\/p>\n<p>Les adolescents du club de la piscine de Sauzet 30190<\/p>\n","protected":false},"excerpt":{"rendered":"<p>\u00ab\u00a0Apprendre \u00e0 nager, c\u2019est apprendre \u00e0 avoir confiance en soi et apprendre \u00e0 repousser ses propres limites\u00a0\u00bb Cours de natation pour les adolescents 14-16 ans Les cours de natation d\u2019une dur\u00e9e de 45 mn, \u00e0 raison d\u2019un cours par semaine de Mai \u00e0 mi-Octobre, sont dispens\u00e9s par un ma\u00eetre nageur sauveteur dipl\u00f4m\u00e9 d\u2019\u00e9tat, poss\u00e9dant \u00e9galement un Brevet d\u2019\u00c9tat d\u2019Educateur Sportif&#8230; <a href=\"https:\/\/www.kananas.com\/associationacdelagardonnenque3123\/club-adolescents\/\">Read more &raquo;<\/a><\/p>\n","protected":false},"author":1428,"featured_media":0,"parent":0,"menu_order":0,"comment_status":"closed","ping_status":"closed","template":"","meta":{"_crdt_document":"","footnotes":""},"class_list":["post-56","page","type-page","status-publish","hentry"],"_links":{"self":[{"href":"https:\/\/www.kananas.com\/associationacdelagardonnenque3123\/wp-json\/wp\/v2\/pages\/56","targetHints":{"allow":["GET"]}}],"collection":[{"href":"https:\/\/www.kananas.com\/associationacdelagardonnenque3123\/wp-json\/wp\/v2\/pages"}],"about":[{"href":"https:\/\/www.kananas.com\/associationacdelagardonnenque3123\/wp-json\/wp\/v2\/types\/page"}],"author":[{"embeddable":true,"href":"https:\/\/www.kananas.com\/associationacdelagardonnenque3123\/wp-json\/wp\/v2\/users\/1428"}],"replies":[{"embeddable":true,"href":"https:\/\/www.kananas.com\/associationacdelagardonnenque3123\/wp-json\/wp\/v2\/comments?post=56"}],"version-history":[{"count":33,"href":"https:\/\/www.kananas.com\/associationacdelagardonnenque3123\/wp-json\/wp\/v2\/pages\/56\/revisions"}],"predecessor-version":[{"id":801,"href":"https:\/\/www.kananas.com\/associationacdelagardonnenque3123\/wp-json\/wp\/v2\/pages\/56\/revisions\/801"}],"wp:attachment":[{"href":"https:\/\/www.kananas.com\/associationacdelagardonnenque3123\/wp-json\/wp\/v2\/media?parent=56"}],"curies":[{"name":"wp","href":"https:\/\/api.w.org\/{rel}","templated":true}]}}