{"id":87,"date":"2019-03-08T12:25:12","date_gmt":"2019-03-08T11:25:12","guid":{"rendered":"http:\/\/www.kananas.com\/associationacdelagardonnenque3123\/?page_id=87"},"modified":"2025-03-19T12:39:53","modified_gmt":"2025-03-19T11:39:53","slug":"petits-nageurs","status":"publish","type":"page","link":"https:\/\/www.kananas.com\/associationacdelagardonnenque3123\/petits-nageurs\/","title":{"rendered":"P\u00e9qu\u00e9lets Nageurs"},"content":{"rendered":"<h1><span style=\"color: #0073aa\">Cours collectifs ou individuels<\/span><\/h1>\n<p>L\u2019id\u00e9e g\u00e9n\u00e9rale de ces cours est de permettre la d\u00e9couverte, la mise en s\u00e9curit\u00e9 et l\u2019acquisition des pr\u00e9requis pour devenir nageur.<\/p>\n<p>L&rsquo;enfant entre\u00a04 et 7 ans, apprendra\u00a0\u00e0 :<\/p>\n<ul>\n<li>d\u00e9couvrir l\u2019eau, se familiariser avec l&rsquo;univers aquatique ;<\/li>\n<li>mettre la t\u00eate sous l&rsquo;eau, se d\u00e9placer\u00a0;<\/li>\n<li>\u00eatre \u00e0 l&rsquo;aise au fond de l&rsquo;eau et &#8230;<\/li>\n<\/ul>\n<p>Ces \u00e9tapes sont incontournables pour devenir autonome et pour ce faire nous proposons des forfaits de 10 cours qui permettent une bonne approche de l\u2019\u00e9l\u00e9ment aquatique.<\/p>\n<p>Les cours individuels ou collectifs (de 3 \u00e0 5 enfants), d\u2019une dur\u00e9e d\u2019une demi-heure, sont dispens\u00e9s principalement durant les mois de juillet et ao\u00fbt par les ma\u00eetres-nageurs sauveteurs (MNS).<\/p>\n<p><strong>Inscription :<\/strong><\/p>\n<p><strong>Pour toute nouvelle inscription, faire la demande via le <a href=\"http:\/\/www.kananas.com\/associationacdelagardonnenque3123\/contacts\/\" target=\"_blank\" rel=\"noopener\">contact<\/a> en indiquant bien un <span style=\"color: #ff00ff\">num\u00e9ro de t\u00e9l\u00e9phone<\/span>. Un ma\u00eetre-nageur vous rappellera dans les 72 heures.<\/strong><\/p>\n<p>C\u2019est pendant le <a href=\"https:\/\/www.kananas.com\/associationacdelagardonnenque3123\/wp-content\/uploads\/sites\/1383\/2025\/03\/fiche-inscription-club-famille-2025.pdf\" target=\"_blank\" rel=\"noopener\">Club Famille<\/a> que le MNS pourra \u00e9valuer l\u2019enfant et l\u2019orienter (le mercredi et le samedi de 16h \u00e0 16h45)<\/p>\n<p>Toutefois, s\u2019il ne vous est pas possible de participer au club famille, vous pourrez rencontrer un MNS aux heures d\u2019ouverture de la piscine pour convenir de ce qui peut \u00eatre envisag\u00e9 pour votre enfant.<\/p>\n<p>Suite \u00e0 cet entretien vous \u00e9tablirez un planning des jours et heures qui vous conviennent avec le MNS qui vous remettra une feuille d\u2019inscription.<\/p>\n<p>Pour confirmer l\u2019inscription de votre enfant vous voudrez bien remettre \u00e0 la piscine le dossier complet tel que d\u00e9crit ci-dessous :<\/p>\n<ul>\n<li><strong>Fiche d\u2019adh\u00e9sion sur papier rose fournie par le MNS<br \/>\n<\/strong><\/li>\n<li><strong>Le paiement du forfait* <\/strong>(3 ch\u00e8ques sont accept\u00e9s)<\/li>\n<li><strong>Pour les personnes du P\u00f4le sport, pr\u00e9sentation d&rsquo;un justificatif de domicile<\/strong><\/li>\n<\/ul>\n<p><strong>\u00a0<\/strong><strong>Le dossier d\u2019inscription complet doit \u00eatre d\u00e9pos\u00e9 avant le d\u00e9but des cours de l\u2019enfant.<\/strong><\/p>\n<p>*Tarifs forfaits\u00a0: voir tableau ci-dessous\u00a0:<\/p>\n<table style=\"width: 85.2828%;height: 151px\">\n<thead>\n<tr style=\"height: 37px;border-color: #dce8e8\">\n<td style=\"width: 100.756%;height: 37px;background-color: #e4f2f2;text-align: center\" colspan=\"6\"><strong>\u00a0<span style=\"color: #0073aa\">P\u00c9QU\u00c9LETS NAGEURS niveau 1 et 2 &#8211; TARIFS FORFAITS SAISON 2025<\/span><\/strong><\/td>\n<\/tr>\n<\/thead>\n<tbody>\n<tr style=\"height: 2px\">\n<td style=\"width: 100.756%;height: 10px;background-color: #b2e2eb;text-align: center\" colspan=\"6\">\u00a0\u00a0\u00a0\u00a0\u00a0\u00a0\u00a0\u00a0\u00a0\u00a0\u00a0\u00a0\u00a0\u00a0\u00a0\u00a0\u00a0\u00a0\u00a0\u00a0\u00a0\u00a0\u00a0\u00a0\u00a0\u00a0\u00a0\u00a0\u00a0\u00a0\u00a0\u00a0 \u00a0 \u00a0 \u00a0 \u00a0 <span style=\"color: #0073aa\">\u00a0 \u00a0 \u00a0 \u00a0 \u00a0<span style=\"font-size: 8pt\"> Communes du P\u00f4le sport <\/span><\/span><span style=\"font-size: 8pt\">\u00a0\u00a0\u00a0\u00a0\u00a0\u00a0\u00a0 \u00a0 \u00a0\u00a0\u00a0\u00a0\u00a0\u00a0\u00a0\u00a0\u00a0\u00a0\u00a0\u00a0\u00a0\u00a0\u00a0 <\/span><span style=\"color: #0073aa\"><span style=\"font-size: 8pt\">Communes hors\u00a0 P\u00f4le sport<\/span> <\/span><\/td>\n<\/tr>\n<tr style=\"height: 28px\">\n<td style=\"width: 32.4714%;height: 28px;background-color: #b2e2eb;text-align: center\">TARIFS<\/td>\n<td style=\"width: 15.2695%;height: 28px;background-color: #dfe2ed;text-align: center\"><span style=\"font-size: 8pt\">\u00a0Cours individuel<\/span><\/td>\n<td style=\"width: 15.2352%;height: 28px;background-color: #dfe2ed;text-align: center\"><span style=\"font-size: 8pt\">\u00a0Cours par petit groupe<\/span><\/td>\n<td style=\"width: 5.12856%;height: 28px;text-align: center\"><\/td>\n<td style=\"width: 15.8635%;height: 28px;background-color: #c2f0cc;text-align: center\">\u00a0<span style=\"font-size: 8pt\">Cours individuel<\/span><\/td>\n<td style=\"width: 16.7883%;height: 28px;background-color: #c2f0cc;text-align: center\"><span style=\"font-size: 8pt\">Cours par petit groupe<\/span><\/td>\n<\/tr>\n<tr style=\"height: 28px\">\n<td style=\"width: 32.4714%;height: 28px;background-color: #b2e2eb;text-align: center\">\u00a0Forfait 10 le\u00e7ons<\/td>\n<td style=\"width: 15.2695%;height: 28px;background-color: #dfe2ed;text-align: center\">250 \u20ac<\/td>\n<td style=\"width: 15.2352%;height: 28px;background-color: #dfe2ed;text-align: center\">140 \u20ac<\/td>\n<td style=\"width: 5.12856%;height: 28px;text-align: center\"><\/td>\n<td style=\"width: 15.8635%;height: 28px;background-color: #c2f0cc;text-align: center\">270 \u20ac<\/td>\n<td style=\"width: 16.7883%;height: 28px;background-color: #c2f0cc;text-align: center\">160 \u20ac<\/td>\n<\/tr>\n<tr style=\"height: 24px\">\n<td style=\"width: 32.4714%;height: 24px;background-color: #b2e2eb;text-align: center\">La le\u00e7on,<\/p>\n<p>Ajouter 10 \u20ac si non adh\u00e9rent<\/td>\n<td style=\"width: 15.2695%;height: 24px;background-color: #dfe2ed;text-align: center\">20 \u20ac<\/td>\n<td style=\"width: 15.2352%;height: 24px;background-color: #dfe2ed;text-align: center\"><\/td>\n<td style=\"width: 5.12856%;height: 24px;text-align: center\"><\/td>\n<td style=\"width: 15.8635%;height: 24px;background-color: #c2f0cc;text-align: center\">22 \u20ac<\/td>\n<td style=\"width: 16.7883%;height: 24px;background-color: #c2f0cc;text-align: center\"><\/td>\n<\/tr>\n<\/tbody>\n<\/table>\n<p>&nbsp;<\/p>\n<div id=\"attachment_321\" style=\"width: 778px\" class=\"wp-caption alignnone\"><img loading=\"lazy\" decoding=\"async\" aria-describedby=\"caption-attachment-321\" class=\"wp-image-321 size-full\" title=\"cadre\" src=\"http:\/\/www.kananas.com\/associationacdelagardonnenque3123\/wp-content\/uploads\/sites\/1383\/2019\/03\/piscine-sauzet-petits-nageurs.jpg\" alt=\"cours petits nageurs piscine Sauzet\" width=\"768\" height=\"512\" srcset=\"https:\/\/www.kananas.com\/associationacdelagardonnenque3123\/wp-content\/uploads\/sites\/1383\/2019\/03\/piscine-sauzet-petits-nageurs.jpg 768w, https:\/\/www.kananas.com\/associationacdelagardonnenque3123\/wp-content\/uploads\/sites\/1383\/2019\/03\/piscine-sauzet-petits-nageurs-150x100.jpg 150w, https:\/\/www.kananas.com\/associationacdelagardonnenque3123\/wp-content\/uploads\/sites\/1383\/2019\/03\/piscine-sauzet-petits-nageurs-300x200.jpg 300w, https:\/\/www.kananas.com\/associationacdelagardonnenque3123\/wp-content\/uploads\/sites\/1383\/2019\/03\/piscine-sauzet-petits-nageurs-624x416.jpg 624w\" sizes=\"auto, (max-width: 768px) 100vw, 768px\" \/><p id=\"caption-attachment-321\" class=\"wp-caption-text\">cours petits nageurs piscine Sauzet<\/p><\/div>\n","protected":false},"excerpt":{"rendered":"<p>Cours collectifs ou individuels L\u2019id\u00e9e g\u00e9n\u00e9rale de ces cours est de permettre la d\u00e9couverte, la mise en s\u00e9curit\u00e9 et l\u2019acquisition des pr\u00e9requis pour devenir nageur. L&rsquo;enfant entre\u00a04 et 7 ans, apprendra\u00a0\u00e0 : d\u00e9couvrir l\u2019eau, se familiariser avec l&rsquo;univers aquatique ; mettre la t\u00eate sous l&rsquo;eau, se d\u00e9placer\u00a0; \u00eatre \u00e0 l&rsquo;aise au fond de l&rsquo;eau et &#8230; Ces \u00e9tapes sont incontournables&#8230; <a href=\"https:\/\/www.kananas.com\/associationacdelagardonnenque3123\/petits-nageurs\/\">Read more &raquo;<\/a><\/p>\n","protected":false},"author":1428,"featured_media":0,"parent":0,"menu_order":0,"comment_status":"closed","ping_status":"closed","template":"","meta":{"_crdt_document":"","footnotes":""},"class_list":["post-87","page","type-page","status-publish","hentry"],"_links":{"self":[{"href":"https:\/\/www.kananas.com\/associationacdelagardonnenque3123\/wp-json\/wp\/v2\/pages\/87","targetHints":{"allow":["GET"]}}],"collection":[{"href":"https:\/\/www.kananas.com\/associationacdelagardonnenque3123\/wp-json\/wp\/v2\/pages"}],"about":[{"href":"https:\/\/www.kananas.com\/associationacdelagardonnenque3123\/wp-json\/wp\/v2\/types\/page"}],"author":[{"embeddable":true,"href":"https:\/\/www.kananas.com\/associationacdelagardonnenque3123\/wp-json\/wp\/v2\/users\/1428"}],"replies":[{"embeddable":true,"href":"https:\/\/www.kananas.com\/associationacdelagardonnenque3123\/wp-json\/wp\/v2\/comments?post=87"}],"version-history":[{"count":44,"href":"https:\/\/www.kananas.com\/associationacdelagardonnenque3123\/wp-json\/wp\/v2\/pages\/87\/revisions"}],"predecessor-version":[{"id":818,"href":"https:\/\/www.kananas.com\/associationacdelagardonnenque3123\/wp-json\/wp\/v2\/pages\/87\/revisions\/818"}],"wp:attachment":[{"href":"https:\/\/www.kananas.com\/associationacdelagardonnenque3123\/wp-json\/wp\/v2\/media?parent=87"}],"curies":[{"name":"wp","href":"https:\/\/api.w.org\/{rel}","templated":true}]}}