{"id":562,"date":"2016-02-02T05:58:40","date_gmt":"2016-02-02T04:58:40","guid":{"rendered":"http:\/\/www.gestasso.com\/association\/clubdumoulin\/?page_id=562"},"modified":"2023-02-04T06:20:27","modified_gmt":"2023-02-04T05:20:27","slug":"le-conseil-dadministration","status":"publish","type":"page","link":"https:\/\/www.kananas.com\/lesainesdumoulin\/le-conseil-dadministration\/","title":{"rendered":"Le Conseil d&rsquo;administration"},"content":{"rendered":"<table style=\"height: 54px;width: 600px\" border=\"0\" cellspacing=\"0\" cellpadding=\"0\">\n<tbody>\n<tr style=\"height: 54px\">\n<td style=\"border-color: #ffffff;text-align: center;height: 54px;width: 704px\" colspan=\"2\"><img loading=\"lazy\" decoding=\"async\" class=\"alignnone size-full wp-image-1142\" src=\"http:\/\/www.kananas.com\/lesainesdumoulin\/wp-content\/uploads\/sites\/604\/2018\/08\/Logo-Courrier-tr-min.png\" alt=\"\" width=\"80\" height=\"78\" \/><strong><span style=\"font-size: 26px\"><span style=\"font-family: arial,helvetica,sans-serif\"> \u00a0\u00a0\u00a0\u00a0\u00a0\u00a0\u00a0\u00a0\u00a0<span style=\"font-size: 24pt\"> Le bureau des A\u00een\u00e9s (2023)<\/span><br \/><\/span><\/span><\/strong><\/td>\n<\/tr>\n<\/tbody>\n<\/table>\n<p>&nbsp;<\/p>\n<table class=\" aligncenter\" style=\"height: 46px;width: 101.823%;background-color: #f2c2c2\" border=\"0\">\n<tbody>\n<tr style=\"height: 15px\">\n<td style=\"width: 295.083px;height: 16px;text-align: center\"><span style=\"font-size: 12pt;font-family: 'trebuchet ms', geneva, sans-serif\">Pr\u00e9sident : <strong>Guy DUBERNEY<\/strong><\/span><\/td>\n<td style=\"width: 293.917px;height: 16px;text-align: center\"><span style=\"font-size: 12pt;font-family: 'trebuchet ms', geneva, sans-serif\">Vice-Pr\u00e9sidente : <strong>Josette MORENO<\/strong><\/span><\/td>\n<\/tr>\n<\/tbody>\n<\/table>\n<table class=\" aligncenter\" style=\"height: 34px;width: 102.89%;background-color: #f2c2c2\">\n<tbody>\n<tr style=\"height: 15px\">\n<td style=\"width: 49.12%;text-align: center;height: 32px\"><span style=\"font-family: 'trebuchet ms', geneva, sans-serif;font-size: 12pt\">Secr\u00e9taire :<strong> Th\u00e9r\u00e8se IMBERT<\/strong><\/span><\/td>\n<td style=\"width: 50.4%;text-align: center;height: 32px\"><span style=\"font-family: 'trebuchet ms', geneva, sans-serif;font-size: 12pt\">Secr\u00e9taire adjointe : <strong>Marie-Jo LETAILLEUR<\/strong><\/span><\/td>\n<\/tr>\n<\/tbody>\n<\/table>\n<table class=\" aligncenter\" style=\"height: 35px;width: 102.855%;background-color: #f2c2c2\">\n<tbody>\n<tr style=\"height: 15px\">\n<td style=\"width: 49.6667%;text-align: center;height: 10px\"><span style=\"font-family: 'trebuchet ms', geneva, sans-serif;font-size: 12pt\">Tr\u00e9sorier<\/span><strong><span style=\"font-family: 'trebuchet ms', geneva, sans-serif;font-size: 12pt\"> : Herv\u00e9 MOUYEN<\/span><\/strong><\/td>\n<td style=\"width: 66.9764%;text-align: center;height: 10px\"><span style=\"font-family: 'trebuchet ms', geneva, sans-serif;font-size: 12pt\">\u00a0 \u00a0 Tr\u00e9sorier adjointe<\/span><strong><span style=\"font-family: 'trebuchet ms', geneva, sans-serif;font-size: 12pt\"> : Christine LANUSSE<\/span><\/strong><\/td>\n<\/tr>\n<\/tbody>\n<\/table>\n<table class=\" aligncenter\" style=\"height: 42px;width: 351px;background-color: #c2f2ee\">\n<tbody>\n<tr>\n<td style=\"text-align: center;width: 348px\">Administrateur g\u00e9n\u00e9ral : <strong>Guy DUBERNEY<\/strong><\/td>\n<\/tr>\n<\/tbody>\n<\/table>\n<p>&nbsp;<\/p>\n<p style=\"text-align: left\"><span style=\"color: #ff6600\"><strong>Connectez vous \u00e0 votre <a href=\"http:\/\/www.kananas.com\/lesainesdumoulin\/espace-perso-2\/\">espace perso [Annuaire]<\/a> pour retrouver l&rsquo;ensemble des responsables et membres des A\u00een\u00e9s du Moulin<\/strong><\/span><\/p>\n<p><!-- \/wp:post-content --><\/p>\n","protected":false},"excerpt":{"rendered":"<p>\u00a0\u00a0\u00a0\u00a0\u00a0\u00a0\u00a0\u00a0\u00a0 Le bureau des A\u00een\u00e9s (2023) &nbsp; Pr\u00e9sident : Guy DUBERNEY Vice-Pr\u00e9sidente : Josette MORENO Secr\u00e9taire : Th\u00e9r\u00e8se IMBERT Secr\u00e9taire adjointe : Marie-Jo LETAILLEUR Tr\u00e9sorier : Herv\u00e9 MOUYEN \u00a0 \u00a0 Tr\u00e9sorier adjointe : Christine LANUSSE Administrateur g\u00e9n\u00e9ral : Guy DUBERNEY &nbsp; Connectez vous \u00e0 votre espace perso [Annuaire] pour retrouver l&rsquo;ensemble des responsables et membres des A\u00een\u00e9s du Moulin<\/p>\n","protected":false},"author":621,"featured_media":0,"parent":0,"menu_order":0,"comment_status":"open","ping_status":"open","template":"","meta":{"_crdt_document":"","footnotes":""},"class_list":["post-562","page","type-page","status-publish","hentry"],"_links":{"self":[{"href":"https:\/\/www.kananas.com\/lesainesdumoulin\/wp-json\/wp\/v2\/pages\/562","targetHints":{"allow":["GET"]}}],"collection":[{"href":"https:\/\/www.kananas.com\/lesainesdumoulin\/wp-json\/wp\/v2\/pages"}],"about":[{"href":"https:\/\/www.kananas.com\/lesainesdumoulin\/wp-json\/wp\/v2\/types\/page"}],"author":[{"embeddable":true,"href":"https:\/\/www.kananas.com\/lesainesdumoulin\/wp-json\/wp\/v2\/users\/621"}],"replies":[{"embeddable":true,"href":"https:\/\/www.kananas.com\/lesainesdumoulin\/wp-json\/wp\/v2\/comments?post=562"}],"version-history":[{"count":56,"href":"https:\/\/www.kananas.com\/lesainesdumoulin\/wp-json\/wp\/v2\/pages\/562\/revisions"}],"predecessor-version":[{"id":2097,"href":"https:\/\/www.kananas.com\/lesainesdumoulin\/wp-json\/wp\/v2\/pages\/562\/revisions\/2097"}],"wp:attachment":[{"href":"https:\/\/www.kananas.com\/lesainesdumoulin\/wp-json\/wp\/v2\/media?parent=562"}],"curies":[{"name":"wp","href":"https:\/\/api.w.org\/{rel}","templated":true}]}}