{"id":163,"date":"2017-02-28T11:10:40","date_gmt":"2017-02-28T10:10:40","guid":{"rendered":"http:\/\/www.kananas.com\/moto-clubleskochersbikers851\/?page_id=163"},"modified":"2019-10-22T08:49:58","modified_gmt":"2019-10-22T06:49:58","slug":"annee-2014","status":"publish","type":"page","link":"https:\/\/www.kananas.com\/moto-clubleskochersbikers851\/annee-2014\/","title":{"rendered":"Ann\u00e9es 2014\/2015"},"content":{"rendered":"<table style=\"width: 100%\">\n<tbody>\n<tr style=\"height: 39px\">\n<td style=\"height: 39px;width: 9.19794%\">2014<\/td>\n<td style=\"height: 39px;width: 44.003%\"><a href=\"https:\/\/photos.app.goo.gl\/HTUpkQhBg2WwtnjH8\" target=\"_blank\" rel=\"noopener noreferrer\"><span style=\"color: #0066cc\">12 octobre 2014 &#8211; Sortie en For\u00eat Noire<\/span><\/a><\/td>\n<td style=\"height: 39px;width: 46.7255%\"><a href=\"https:\/\/photos.app.goo.gl\/QpKJ64hoTLbm9MBF8\" target=\"_blank\" rel=\"noopener noreferrer\"><span style=\"color: #0066cc\">Ao\u00fbt 2014 Etang d&rsquo;Imbstahl, Etang d&rsquo;Hasselfurth<\/span><\/a><\/td>\n<\/tr>\n<tr style=\"height: 19px\">\n<td style=\"height: 19px;width: 9.19794%\"><\/td>\n<td style=\"height: 19px;width: 44.003%\"><a href=\"https:\/\/photos.app.goo.gl\/sWWfUqi79zZkM8ReA\" target=\"_blank\" rel=\"noopener noreferrer\"><span style=\"color: #0066cc\">13 Juillet 2014 \u00a0\u00bb \u00e9tape du Tour de France\u00a0\u00bb !<\/span><\/a><\/td>\n<td style=\"height: 19px;width: 46.7255%\"><a href=\"https:\/\/photos.app.goo.gl\/YznGPSxjaNy6o5nHA\" target=\"_blank\" rel=\"noopener noreferrer\"><span style=\"color: #0066cc\">Juin 2014 WE aux pays horloger<\/span><\/a><\/td>\n<\/tr>\n<tr style=\"height: 39px\">\n<td style=\"height: 39px;width: 9.19794%\"><\/td>\n<td style=\"height: 39px;width: 44.003%\"><a href=\"https:\/\/photos.app.goo.gl\/HTLjTERur8R534qM6\" target=\"_blank\" rel=\"noopener noreferrer\"><span style=\"color: #0066cc\">Mai 2014 Cols Vosgiens \/ Ferme Auberge La Graine Joh\u00e9<\/span><\/a><\/td>\n<td style=\"height: 39px;width: 46.7255%\"><a href=\"https:\/\/photos.app.goo.gl\/SZdtYy8Jr9CN8rhC6\" target=\"_blank\" rel=\"noopener noreferrer\"><span style=\"color: #0066cc\">27 avril 2014 Une Rose Un Espoir<\/span><\/a><\/td>\n<\/tr>\n<tr style=\"height: 19px\">\n<td style=\"height: 19px;width: 9.19794%\"><\/td>\n<td style=\"height: 19px;width: 44.003%\"><a href=\"https:\/\/photos.app.goo.gl\/JLXjkAyRRg8iHa7JA\" target=\"_blank\" rel=\"noopener noreferrer\"><span style=\"color: #0066cc\">26 avril 2014 Une Rose Un Espoir<\/span><\/a><\/td>\n<td style=\"height: 19px;width: 46.7255%\"><a href=\"https:\/\/photos.app.goo.gl\/MSk53awnoHnAxpMN7\" target=\"_blank\" rel=\"noopener noreferrer\"><span style=\"color: #0066cc\">Avril 2014 TRIFELS<\/span><\/a><\/td>\n<\/tr>\n<tr style=\"height: 19px\">\n<td style=\"height: 19px;width: 9.19794%\"><\/td>\n<td style=\"height: 19px;width: 44.003%\"><a href=\"https:\/\/photos.app.goo.gl\/pzvrL7MzzzxK1YYDA\" target=\"_blank\" rel=\"noopener noreferrer\"><span style=\"color: #0066cc\">Mars 2014 1\u00e8re sortie PETERSBACH<\/span><\/a><\/td>\n<td style=\"height: 19px;width: 46.7255%\"><\/td>\n<\/tr>\n<\/tbody>\n<\/table>\n<p>&nbsp;<\/p>\n<table>\n<tbody>\n<tr style=\"height: 19px\">\n<td style=\"height: 19px\">2015<\/td>\n<td style=\"height: 19px\"><a href=\"https:\/\/photos.app.goo.gl\/ECoX2LpSR74DVypy5\" target=\"_blank\" rel=\"noopener noreferrer\"><span style=\"color: #0066cc\">20 septembre 2015 &#8211; Gondrexange<\/span><\/a><\/td>\n<td style=\"height: 19px\"><a href=\"https:\/\/photos.app.goo.gl\/cqNLQzxjofScJvdf7\" target=\"_blank\" rel=\"noopener noreferrer\"><span style=\"color: #0066cc\">Septembre &#8211; Mus\u00e9e de Bantzenheim<\/span><\/a><\/td>\n<\/tr>\n<tr style=\"height: 19px\">\n<td style=\"height: 19px\"><\/td>\n<td style=\"height: 19px\"><a href=\"https:\/\/photos.app.goo.gl\/ZW5pKg8SzxuXCpu66\" target=\"_blank\" rel=\"noopener noreferrer\"><span style=\"color: #0066cc\">Septembre BBQ de fin d&rsquo;\u00e9t\u00e9<\/span><\/a><\/td>\n<td style=\"height: 19px\"><a href=\"https:\/\/photos.app.goo.gl\/Swm12DRiLdfHpgFA6\" target=\"_blank\" rel=\"noopener noreferrer\"><span style=\"color: #0066cc\">Juillet 2015 &#8211; S\u00e9jour dans les Alpes<\/span><\/a><\/td>\n<\/tr>\n<tr style=\"height: 19px\">\n<td style=\"height: 19px\"><\/td>\n<td style=\"height: 19px\"><a href=\"https:\/\/photos.app.goo.gl\/XoxpbzXWdoBesx6UA\" target=\"_blank\" rel=\"noopener noreferrer\"><span style=\"color: #0066cc\">19\/21 juin 2015 &#8211; Reco Alpes<\/span><\/a><\/td>\n<td style=\"height: 19px\"><a href=\"https:\/\/photos.app.goo.gl\/ZVDpkqB7XWH8JLkH9\" target=\"_blank\" rel=\"noopener noreferrer\"><span style=\"color: #0066cc\">Mai 2015 WE Bourgogne<\/span><\/a><\/td>\n<\/tr>\n<tr style=\"height: 19px\">\n<td style=\"height: 19px\"><\/td>\n<td style=\"height: 19px\"><a href=\"https:\/\/photos.app.goo.gl\/xt3NRNkrc6D9hb537\" target=\"_blank\" rel=\"noopener noreferrer\"><span style=\"color: #0066cc\">15 mars 2015 &#8211; Nord de l&rsquo;Alsace<\/span><\/a><\/td>\n<td style=\"height: 19px\"><a href=\"https:\/\/photos.app.goo.gl\/gCnYuvkZVpX6SHh76\" target=\"_blank\" rel=\"noopener noreferrer\"><span style=\"color: #0066cc\">20 f\u00e9vrier 2015 &#8211; Assembl\u00e9e g\u00e9n\u00e9rale<\/span><\/a><\/td>\n<\/tr>\n<\/tbody>\n<\/table>\n<p>&nbsp;<\/p>\n","protected":false},"excerpt":{"rendered":"<p>2014 12 octobre 2014 &#8211; Sortie en For\u00eat Noire Ao\u00fbt 2014 Etang d&rsquo;Imbstahl, Etang d&rsquo;Hasselfurth 13 Juillet 2014 \u00a0\u00bb \u00e9tape du Tour de France\u00a0\u00bb ! Juin 2014 WE aux pays horloger Mai 2014 Cols Vosgiens \/ Ferme Auberge La Graine&#8230;<br \/><a class=\"read-more-button\" href=\"https:\/\/www.kananas.com\/moto-clubleskochersbikers851\/annee-2014\/\">Read more<\/a><\/p>\n","protected":false},"author":251,"featured_media":0,"parent":0,"menu_order":0,"comment_status":"closed","ping_status":"closed","template":"","meta":{"_crdt_document":"","footnotes":""},"class_list":["post-163","page","type-page","status-publish","hentry"],"_links":{"self":[{"href":"https:\/\/www.kananas.com\/moto-clubleskochersbikers851\/wp-json\/wp\/v2\/pages\/163","targetHints":{"allow":["GET"]}}],"collection":[{"href":"https:\/\/www.kananas.com\/moto-clubleskochersbikers851\/wp-json\/wp\/v2\/pages"}],"about":[{"href":"https:\/\/www.kananas.com\/moto-clubleskochersbikers851\/wp-json\/wp\/v2\/types\/page"}],"author":[{"embeddable":true,"href":"https:\/\/www.kananas.com\/moto-clubleskochersbikers851\/wp-json\/wp\/v2\/users\/251"}],"replies":[{"embeddable":true,"href":"https:\/\/www.kananas.com\/moto-clubleskochersbikers851\/wp-json\/wp\/v2\/comments?post=163"}],"version-history":[{"count":5,"href":"https:\/\/www.kananas.com\/moto-clubleskochersbikers851\/wp-json\/wp\/v2\/pages\/163\/revisions"}],"predecessor-version":[{"id":456,"href":"https:\/\/www.kananas.com\/moto-clubleskochersbikers851\/wp-json\/wp\/v2\/pages\/163\/revisions\/456"}],"wp:attachment":[{"href":"https:\/\/www.kananas.com\/moto-clubleskochersbikers851\/wp-json\/wp\/v2\/media?parent=163"}],"curies":[{"name":"wp","href":"https:\/\/api.w.org\/{rel}","templated":true}]}}