{"id":167,"date":"2017-02-28T11:12:09","date_gmt":"2017-02-28T10:12:09","guid":{"rendered":"http:\/\/www.kananas.com\/moto-clubleskochersbikers851\/?page_id=167"},"modified":"2019-10-22T08:49:32","modified_gmt":"2019-10-22T06:49:32","slug":"annee-2016","status":"publish","type":"page","link":"https:\/\/www.kananas.com\/moto-clubleskochersbikers851\/annee-2016\/","title":{"rendered":"Ann\u00e9es 2016\/2017"},"content":{"rendered":"<table style=\"width: 100%\">\n<tbody>\n<tr style=\"height: 19px\">\n<td style=\"height: 19px;width: 9.86019%\">2016<\/td>\n<td style=\"height: 19px;width: 42.0898%\"><a href=\"https:\/\/photos.app.goo.gl\/hRDoSezKxbrRKMNH6\" target=\"_blank\" rel=\"noopener noreferrer\"><span style=\"color: #0066cc\">16 octobre 2016 Sortie d&rsquo;automne en Lorraine<\/span><\/a><\/td>\n<td style=\"height: 19px;width: 47.9765%\"><a href=\"https:\/\/photos.app.goo.gl\/SyJTco4VkpfztBBy8\" target=\"_blank\" rel=\"noopener noreferrer\"><span style=\"color: #0066cc\">11 septembre 2016 Repas marcaire \u00e0 la Schlucht<\/span><\/a><\/td>\n<\/tr>\n<tr style=\"height: 19.5px\">\n<td style=\"height: 19.5px;width: 9.86019%\"><\/td>\n<td style=\"height: 19.5px;width: 42.0898%\"><a href=\"https:\/\/photos.app.goo.gl\/ocMYkV8uDgtbixyy5\" target=\"_blank\" rel=\"noopener noreferrer\"><span style=\"color: #0066cc\">21 aout 2016 Ranrupt<\/span><\/a><\/td>\n<td style=\"height: 19.5px;width: 47.9765%\"><a href=\"https:\/\/photos.app.goo.gl\/cHtMPDxZQfVjuUiL8\" target=\"_blank\" rel=\"noopener noreferrer\"><span style=\"color: #0066cc\">10 juin 1026 BBQ du Club<\/span><\/a><\/td>\n<\/tr>\n<tr style=\"height: 19px\">\n<td style=\"height: 19px;width: 9.86019%\"><\/td>\n<td style=\"height: 19px;width: 42.0898%\"><a href=\"https:\/\/photos.app.goo.gl\/KPtb8Jpf7qnZHvHH6\" target=\"_blank\" rel=\"noopener noreferrer\"><span style=\"color: #0066cc\">8 mai 2016 Par monts et par vaux<\/span><\/a><\/td>\n<td style=\"height: 19px;width: 47.9765%\"><a href=\"https:\/\/photos.app.goo.gl\/rhh4pvteVzFqAvzn6\" target=\"_blank\" rel=\"noopener noreferrer\"><span style=\"color: #0066cc\">Avril 2016 Vosges du Nord<\/span><\/a><\/td>\n<\/tr>\n<tr style=\"height: 19px\">\n<td style=\"height: 19px;width: 9.86019%\"><\/td>\n<td style=\"height: 19px;width: 42.0898%\"><a href=\"https:\/\/photos.app.goo.gl\/2pJuwDX8zG9DVNxD7\" target=\"_blank\" rel=\"noopener noreferrer\"><span style=\"color: #0066cc\">20 mars 2016 Ouverture de saison<\/span><\/a><\/td>\n<td style=\"height: 19px;width: 47.9765%\"><a href=\"https:\/\/photos.app.goo.gl\/bkPjRbWozLeBNyKFA\" target=\"_blank\" rel=\"noopener noreferrer\"><span style=\"color: #0066cc\">18 mars 2016 &#8211; Assembl\u00e9e g\u00e9n\u00e9rale<\/span><\/a><\/td>\n<\/tr>\n<tr style=\"height: 19px\">\n<td style=\"height: 19px;width: 9.86019%\"><\/td>\n<td style=\"height: 19px;width: 42.0898%\"><a href=\"https:\/\/photos.app.goo.gl\/Rr5981L1X71nb5fNA\" target=\"_blank\" rel=\"noopener noreferrer\"><span style=\"color: #0066cc\">Les mari\u00e9s de l&rsquo;ann\u00e9e<\/span><\/a><\/td>\n<td style=\"height: 19px;width: 47.9765%\">\u00a0<a href=\"https:\/\/photos.app.goo.gl\/TcUBRpwAhq4en2mn7\" target=\"_blank\" rel=\"noopener noreferrer\"><span style=\"color: #0066cc\">Une Rose, Un Espoir<\/span><\/a><\/td>\n<\/tr>\n<\/tbody>\n<\/table>\n<p>&nbsp;<\/p>\n<table style=\"width: 100%\">\n<tbody>\n<tr style=\"height: 19.5px\">\n<td style=\"height: 19.5px;width: 9.93377%\">2017<\/td>\n<td style=\"height: 19.5px;width: 41.9426%\"><a href=\"https:\/\/photos.app.goo.gl\/DgASo17Xfgut1epo6\" target=\"_blank\" rel=\"noopener noreferrer\"><span style=\"color: #0066cc\">18 mars 2017 &#8211; Assembl\u00e9e g\u00e9n\u00e9rale<\/span><\/a><\/td>\n<td style=\"height: 19.5px;width: 48.05%\">\u00a0<a href=\"https:\/\/photos.app.goo.gl\/geiF2oPU74MH6pij7\" target=\"_blank\" rel=\"noopener noreferrer\">9 avril 2017 : 1\u00e8re sortie de l&rsquo;ann\u00e9e<\/a><\/td>\n<\/tr>\n<tr style=\"height: 19px\">\n<td style=\"height: 19px;width: 9.93377%\"><\/td>\n<td style=\"height: 19px;width: 41.9426%\">\u00a0<a href=\"https:\/\/photos.app.goo.gl\/fkQqovgCLJercgMB9\" target=\"_blank\" rel=\"noopener noreferrer\">29 avril 2017 : Une Rose, Un Espoir<\/a><\/td>\n<td style=\"height: 19px;width: 48.05%\">\u00a0<a href=\"https:\/\/photos.app.goo.gl\/mHfKoN5Dzh7cbRA98\" target=\"_blank\" rel=\"noopener noreferrer\">14 mai 2017 : Vosges du Nord<\/a><\/td>\n<\/tr>\n<tr style=\"height: 19px\">\n<td style=\"height: 19px;width: 9.93377%\"><\/td>\n<td style=\"height: 19px;width: 41.9426%\"><a href=\"https:\/\/photos.app.goo.gl\/SYeAYtzw8CcC6ZE38\" target=\"_blank\" rel=\"noopener noreferrer\">\u00a09 juin 2017 &#8211; BBQ \u00e0 la Grange<\/a><\/td>\n<td style=\"height: 19px;width: 48.05%\">\u00a0<a href=\"https:\/\/photos.app.goo.gl\/4gUUyT7B8xA6SdUn8\" target=\"_blank\" rel=\"noopener noreferrer\">11 juin 2017 &#8211; Bapt\u00eame des motos<\/a><\/td>\n<\/tr>\n<tr style=\"height: 19px\">\n<td style=\"height: 19px;width: 9.93377%\"><\/td>\n<td style=\"height: 19px;width: 41.9426%\">\u00a0<a href=\"https:\/\/photos.app.goo.gl\/TfjiUMGYCGqXi7At5\" target=\"_blank\" rel=\"noopener noreferrer\">28-30 juillet &#8211; Ardennes belges<\/a><\/td>\n<td style=\"height: 19px;width: 48.05%\"><a href=\"https:\/\/photos.app.goo.gl\/GeSn1pSH8ZFf9NJ9A\" target=\"_blank\" rel=\"noopener noreferrer\">\u00a020 ao\u00fbt &#8211; Moselle-Vosges Marina<\/a><\/td>\n<\/tr>\n<tr style=\"height: 19px\">\n<td style=\"height: 19px;width: 9.93377%\"><\/td>\n<td style=\"height: 19px;width: 41.9426%\">\u00a0<a href=\"https:\/\/photos.app.goo.gl\/BKBALXd9f3NWQHM97\" target=\"_blank\" rel=\"noopener noreferrer\">10 septembre &#8211; Belchen (Allemagne)<\/a><\/td>\n<td style=\"height: 19px;width: 48.05%\"><\/td>\n<\/tr>\n<\/tbody>\n<\/table>\n<p>&nbsp;<\/p>\n","protected":false},"excerpt":{"rendered":"<p>2016 16 octobre 2016 Sortie d&rsquo;automne en Lorraine 11 septembre 2016 Repas marcaire \u00e0 la Schlucht 21 aout 2016 Ranrupt 10 juin 1026 BBQ du Club 8 mai 2016 Par monts et par vaux Avril 2016 Vosges du Nord 20&#8230;<br \/><a class=\"read-more-button\" href=\"https:\/\/www.kananas.com\/moto-clubleskochersbikers851\/annee-2016\/\">Read more<\/a><\/p>\n","protected":false},"author":251,"featured_media":0,"parent":0,"menu_order":0,"comment_status":"closed","ping_status":"closed","template":"","meta":{"_crdt_document":"","footnotes":""},"class_list":["post-167","page","type-page","status-publish","hentry"],"_links":{"self":[{"href":"https:\/\/www.kananas.com\/moto-clubleskochersbikers851\/wp-json\/wp\/v2\/pages\/167","targetHints":{"allow":["GET"]}}],"collection":[{"href":"https:\/\/www.kananas.com\/moto-clubleskochersbikers851\/wp-json\/wp\/v2\/pages"}],"about":[{"href":"https:\/\/www.kananas.com\/moto-clubleskochersbikers851\/wp-json\/wp\/v2\/types\/page"}],"author":[{"embeddable":true,"href":"https:\/\/www.kananas.com\/moto-clubleskochersbikers851\/wp-json\/wp\/v2\/users\/251"}],"replies":[{"embeddable":true,"href":"https:\/\/www.kananas.com\/moto-clubleskochersbikers851\/wp-json\/wp\/v2\/comments?post=167"}],"version-history":[{"count":9,"href":"https:\/\/www.kananas.com\/moto-clubleskochersbikers851\/wp-json\/wp\/v2\/pages\/167\/revisions"}],"predecessor-version":[{"id":454,"href":"https:\/\/www.kananas.com\/moto-clubleskochersbikers851\/wp-json\/wp\/v2\/pages\/167\/revisions\/454"}],"wp:attachment":[{"href":"https:\/\/www.kananas.com\/moto-clubleskochersbikers851\/wp-json\/wp\/v2\/media?parent=167"}],"curies":[{"name":"wp","href":"https:\/\/api.w.org\/{rel}","templated":true}]}}