{"id":321,"date":"2018-02-18T10:45:26","date_gmt":"2018-02-18T09:45:26","guid":{"rendered":"http:\/\/www.kananas.com\/moto-clubleskochersbikers851\/?page_id=321"},"modified":"2019-10-22T18:28:51","modified_gmt":"2019-10-22T16:28:51","slug":"annee-2018","status":"publish","type":"page","link":"https:\/\/www.kananas.com\/moto-clubleskochersbikers851\/annee-2018\/","title":{"rendered":"Ann\u00e9es 2018\/2019"},"content":{"rendered":"\r\n<table style=\"width: 100%;height: 198px\">\r\n<tbody>\r\n<tr style=\"height: 32px\">\r\n<td style=\"width: 59px;height: 32px\">2018<\/td>\r\n<td style=\"width: 292px;height: 32px\"><a href=\"https:\/\/photos.app.goo.gl\/cfWshsXwiY7m8tzY6\" target=\"_blank\" rel=\"noopener noreferrer\">16 f\u00e9vrier 2018 &#8211; Assembl\u00e9e g\u00e9n\u00e9rale<\/a><\/td>\r\n<td style=\"width: 444px;height: 32px\">\u00a0<a href=\"https:\/\/photos.app.goo.gl\/H7u33NaZQNJT5N9h9\" target=\"_blank\" rel=\"noopener noreferrer\">11 mars 2018 &#8211; 1ers tours de roues<\/a><\/td>\r\n<\/tr>\r\n<tr style=\"height: 32px\">\r\n<td style=\"width: 59px;height: 32px\">\u00a0 \u00a0 \u00a0 \u00a0 \u00a0 \u00a0 \u00a0 \u00a0 \u00a0\u00a0<\/td>\r\n<td style=\"width: 292px;height: 32px\">\u00a0<a href=\"https:\/\/photos.app.goo.gl\/h1ddP3H4eWtkJ2KcA\" target=\"_blank\" rel=\"noopener noreferrer\">8 avril 2018 : Sortie Marxzell<\/a><\/td>\r\n<td style=\"width: 444px;height: 32px\">\u00a0<a href=\"https:\/\/photos.app.goo.gl\/vxCLiR8eVRUE5L9w5\" target=\"_blank\" rel=\"noopener noreferrer\">28 avril au 1er mai &#8211; WE en Auvergne<\/a><\/td>\r\n<\/tr>\r\n<tr style=\"height: 60px\">\r\n<td style=\"width: 59px;height: 38px\">\u00a0<\/td>\r\n<td style=\"width: 292px;height: 38px\"><a href=\"https:\/\/photos.app.goo.gl\/QKWjDhRZm4SbvgQJ8\" target=\"_blank\" rel=\"noopener noreferrer\">11 juin &#8211; Journ\u00e9e des motards-Marlenheim<\/a><\/td>\r\n<td style=\"width: 444px;height: 38px\"><a href=\"https:\/\/photos.app.goo.gl\/n84MaJRXnFMavn2x8\" target=\"_blank\" rel=\"noopener noreferrer\">22 juin &#8211; BBQ des KochersBikers<\/a><\/td>\r\n<\/tr>\r\n<tr style=\"height: 32px\">\r\n<td style=\"width: 59px;height: 32px\">\u00a0<\/td>\r\n<td style=\"width: 292px;height: 32px\"><a href=\"https:\/\/photos.app.goo.gl\/H3AFsoKkLbtTidX6A\" target=\"_blank\" rel=\"noopener noreferrer\">23 juin &#8211; Les mari\u00e9s de l&rsquo;ann\u00e9e<\/a><\/td>\r\n<td style=\"width: 444px;height: 32px\"><a href=\"https:\/\/photos.app.goo.gl\/5BCYR3Brqyk5PAeY9\" target=\"_blank\" rel=\"noopener noreferrer\">8 juillet &#8211; Petit R\u00e9derching<\/a><\/td>\r\n<\/tr>\r\n<tr style=\"height: 32px\">\r\n<td style=\"width: 59px;height: 32px\">\u00a0<\/td>\r\n<td style=\"width: 292px;height: 32px\"><a href=\"https:\/\/photos.app.goo.gl\/2Hhc9bAWndSpsi277\" target=\"_blank\" rel=\"noopener noreferrer\">12 ao\u00fbt &#8211; Le Triberg<\/a><\/td>\r\n<td style=\"width: 444px;height: 32px\"><a href=\"https:\/\/photos.app.goo.gl\/rW3RLTT2ZvBdr3RQ8\" target=\"_blank\" rel=\"noopener noreferrer\">14 octobre Ortenberg<\/a><\/td>\r\n<\/tr>\r\n<tr style=\"height: 32px\">\r\n<td style=\"width: 59px;height: 32px\">\u00a0<\/td>\r\n<td style=\"width: 292px;height: 32px\"><a href=\"https:\/\/photos.app.goo.gl\/WSmvyVVMmfQPktoEA\" target=\"_blank\" rel=\"noopener noreferrer\">2 d\u00e9cembre &#8211; Concert<\/a><\/td>\r\n<td style=\"width: 444px;height: 32px\">\u00a0<\/td>\r\n<\/tr>\r\n<\/tbody>\r\n<\/table>\r\n<p><\/p>\r\n<p>&nbsp;<\/p>\r\n<table>\r\n<tbody>\r\n<tr style=\"height: 32px\">\r\n<td style=\"width: 59px;height: 32px\">2019<\/td>\r\n<td style=\"width: 292px;height: 32px\"><a href=\"https:\/\/photos.app.goo.gl\/1SHu9dnQxo4jFfgW8\" target=\"_blank\" rel=\"noopener noreferrer\">22 f\u00e9vrier 2019 &#8211; Assembl\u00e9e g\u00e9n\u00e9rale<\/a><\/td>\r\n<td style=\"width: 444px;height: 32px\"><a href=\"https:\/\/photos.app.goo.gl\/GmXAWWtvJgunqd4n7\" target=\"_blank\" rel=\"noopener noreferrer\">24 mars 2019 : 1\u00e8re sortie de l&rsquo;ann\u00e9e<\/a><\/td>\r\n<\/tr>\r\n<tr>\r\n<td style=\"width: 59px\">\u00a0<\/td>\r\n<td style=\"width: 292px\"><a href=\"https:\/\/photos.app.goo.gl\/jYNvqDmrg4SXcmM36\" target=\"_blank\" rel=\"noopener noreferrer\">14 avril 2019 &#8211; Sortie sous&#8230;la neige !<\/a><\/td>\r\n<td style=\"width: 444px\"><a href=\"https:\/\/photos.app.goo.gl\/FgmZ3SKzfnBjQWC29\" target=\"_blank\" rel=\"noopener noreferrer\">27 avril Une Rose Un Espoir<\/a><\/td>\r\n<\/tr>\r\n<tr>\r\n<td style=\"width: 59px\">\u00a0<\/td>\r\n<td style=\"width: 292px\"><a href=\"https:\/\/photos.app.goo.gl\/E4QD8mbCu94pWVY89\" target=\"_blank\" rel=\"noopener noreferrer\">14 juin BBQ des KochersBikers<\/a><\/td>\r\n<td style=\"width: 444px\"><a href=\"https:\/\/photos.app.goo.gl\/FwEXE7DNQ9HgYza2A\" target=\"_blank\" rel=\"noopener noreferrer\">16 juin Bapt\u00eame des motos Marlenheim<\/a><\/td>\r\n<\/tr>\r\n<tr>\r\n<td style=\"width: 59px\">\u00a0<\/td>\r\n<td style=\"width: 292px\"><a href=\"https:\/\/photos.app.goo.gl\/ZU6iHmgCpwCMxfRWA\" target=\"_blank\" rel=\"noopener noreferrer\">11 ao\u00fbt 2019 &#8211; Mine Wendel<\/a><\/td>\r\n<td style=\"width: 444px\"><a href=\"https:\/\/photos.app.goo.gl\/saELkEk5fCShz2uQA\" target=\"_blank\" rel=\"noopener noreferrer\">Octobre 2019 &#8211; Villa M\u00e9t\u00e9or<\/a><\/td>\r\n<\/tr>\r\n<tr>\r\n<td style=\"width: 59px\">\u00a0<\/td>\r\n<td style=\"width: 292px\">\u00a0<\/td>\r\n<td style=\"width: 444px\">\u00a0<\/td>\r\n<\/tr>\r\n<\/tbody>\r\n<\/table>","protected":false},"excerpt":{"rendered":"<p>2018 16 f\u00e9vrier 2018 &#8211; Assembl\u00e9e g\u00e9n\u00e9rale \u00a011 mars 2018 &#8211; 1ers tours de roues \u00a0 \u00a0 \u00a0 \u00a0 \u00a0 \u00a0 \u00a0 \u00a0 \u00a0\u00a0 \u00a08 avril 2018 : Sortie Marxzell \u00a028 avril au 1er mai &#8211; WE en Auvergne \u00a0&#8230;<br \/><a class=\"read-more-button\" href=\"https:\/\/www.kananas.com\/moto-clubleskochersbikers851\/annee-2018\/\">Read more<\/a><\/p>\n","protected":false},"author":251,"featured_media":0,"parent":0,"menu_order":0,"comment_status":"closed","ping_status":"closed","template":"","meta":{"_crdt_document":"","footnotes":""},"class_list":["post-321","page","type-page","status-publish","hentry"],"_links":{"self":[{"href":"https:\/\/www.kananas.com\/moto-clubleskochersbikers851\/wp-json\/wp\/v2\/pages\/321","targetHints":{"allow":["GET"]}}],"collection":[{"href":"https:\/\/www.kananas.com\/moto-clubleskochersbikers851\/wp-json\/wp\/v2\/pages"}],"about":[{"href":"https:\/\/www.kananas.com\/moto-clubleskochersbikers851\/wp-json\/wp\/v2\/types\/page"}],"author":[{"embeddable":true,"href":"https:\/\/www.kananas.com\/moto-clubleskochersbikers851\/wp-json\/wp\/v2\/users\/251"}],"replies":[{"embeddable":true,"href":"https:\/\/www.kananas.com\/moto-clubleskochersbikers851\/wp-json\/wp\/v2\/comments?post=321"}],"version-history":[{"count":26,"href":"https:\/\/www.kananas.com\/moto-clubleskochersbikers851\/wp-json\/wp\/v2\/pages\/321\/revisions"}],"predecessor-version":[{"id":405,"href":"https:\/\/www.kananas.com\/moto-clubleskochersbikers851\/wp-json\/wp\/v2\/pages\/321\/revisions\/405"}],"wp:attachment":[{"href":"https:\/\/www.kananas.com\/moto-clubleskochersbikers851\/wp-json\/wp\/v2\/media?parent=321"}],"curies":[{"name":"wp","href":"https:\/\/api.w.org\/{rel}","templated":true}]}}