{"id":487,"date":"2020-08-20T18:30:59","date_gmt":"2020-08-20T16:30:59","guid":{"rendered":"http:\/\/www.kananas.com\/moto-clubleskochersbikers851\/?page_id=487"},"modified":"2021-10-11T10:01:23","modified_gmt":"2021-10-11T08:01:23","slug":"487-2","status":"publish","type":"page","link":"https:\/\/www.kananas.com\/moto-clubleskochersbikers851\/487-2\/","title":{"rendered":"Ann\u00e9es 2020\/2021"},"content":{"rendered":"\r\n<table style=\"width: 99.9264%;height: 122px\">\r\n<tbody>\r\n<tr style=\"height: 32px\">\r\n<td style=\"width: 7.37705%;height: 39px\">2020<\/td>\r\n<td style=\"width: 38.0123%;height: 39px\"><a href=\"https:\/\/photos.app.goo.gl\/yomQ5dsARW4VZCuBA\" target=\"_blank\" rel=\"noopener noreferrer\">13 f\u00e9vrier &#8211; Assembl\u00e9e g\u00e9n\u00e9rale<\/a><\/td>\r\n<td style=\"width: 54.5082%;height: 39px\"><a href=\"https:\/\/photos.app.goo.gl\/9yiuz3ANCKbGthYi9\" target=\"_blank\" rel=\"noopener noreferrer\">28 juin &#8211; Labaroche, Auberge Obschel<\/a><\/td>\r\n<\/tr>\r\n<tr style=\"height: 32px\">\r\n<td style=\"width: 7.37705%;height: 10px\">\u00a0<\/td>\r\n<td style=\"width: 38.0123%;height: 10px\"><a class=\"row-title\" href=\"https:\/\/photos.app.goo.gl\/xfYCySYQP3SR6n6C7\" target=\"_blank\" rel=\"noopener noreferrer\" aria-label=\"\u00ab\u00a02020\/9 ao\u00fbt\/Oberrotterbach\u00a0\u00bb (Modifier)\">19 juillet &#8211; Birckenwald<\/a><\/td>\r\n<td style=\"width: 54.5082%;height: 10px\"><a class=\"row-title\" href=\"https:\/\/photos.app.goo.gl\/YngvU92fsoppJtb99\" target=\"_blank\" rel=\"noopener noreferrer\" aria-label=\"\u00ab\u00a02020\/9 ao\u00fbt\/Oberrotterbach\u00a0\u00bb (Modifier)\">9 ao\u00fbt &#8211; Oberrotterbach<\/a><\/td>\r\n<\/tr>\r\n<tr style=\"height: 60px\">\r\n<td style=\"width: 7.37705%;height: 10px\">\u00a0<\/td>\r\n<td style=\"width: 38.0123%;height: 10px\"><a href=\"https:\/\/photos.app.goo.gl\/gzf5HkVDCh7pKx1R8\" target=\"_blank\" rel=\"noopener noreferrer\">28 ao\u00fbt &#8211; BBQ<\/a><\/td>\r\n<td style=\"width: 54.5082%;height: 10px\"><a href=\"https:\/\/photos.app.goo.gl\/acvSpnBcwsfaJuHX7\" target=\"_blank\" rel=\"noopener noreferrer\">20 septembre &#8211; Bambois<\/a><\/td>\r\n<\/tr>\r\n<tr style=\"height: 32px\">\r\n<td style=\"width: 7.37705%;height: 32px\">\u00a0<\/td>\r\n<td style=\"width: 38.0123%;height: 32px\"><a href=\"https:\/\/photos.app.goo.gl\/F8ka7oC4F2pgMwxy8\" target=\"_blank\" rel=\"noopener noreferrer\">11 Octobre &#8211; Walschbronn<\/a><\/td>\r\n<td style=\"width: 54.5082%;height: 32px\">\u00a0<\/td>\r\n<\/tr>\r\n<\/tbody>\r\n<\/table>\r\n\r\n<p>&nbsp;<\/p>\r\n<table style=\"width: 99.9264%;height: 187px\">\r\n<tbody>\r\n<tr style=\"height: 32px\">\r\n<td style=\"width: 7.51379%;height: 32px\">2021<\/td>\r\n<td style=\"width: 37.8755%;height: 32px\"><a href=\"https:\/\/photos.app.goo.gl\/MnCPbBsSSVhZYdh26\" target=\"_blank\" rel=\"noopener\">12 juin &#8211; Mariage Rapha\u00ebl et Audrey<\/a><\/td>\r\n<td style=\"width: 54.5082%;height: 32px\"><a href=\"https:\/\/photos.app.goo.gl\/i2p8pe5rSLXveBEr7\" target=\"_blank\" rel=\"noopener\">13 juin &#8211; Rhodes, restaurant au Paquis<\/a><\/td>\r\n<\/tr>\r\n<tr style=\"height: 24px\">\r\n<td style=\"width: 7.51379%;height: 24px\">\u00a0<\/td>\r\n<td style=\"width: 37.8755%;height: 24px\"><a href=\"https:\/\/photos.app.goo.gl\/8DAEamPoX9y3covB9\" target=\"_blank\" rel=\"noopener\">2 Juillet &#8211; Assembl\u00e9e G\u00e9n\u00e9rale &amp; BBQ<\/a><\/td>\r\n<td style=\"width: 54.5082%;height: 24px\"><a href=\"https:\/\/photos.app.goo.gl\/NVfDEXWPgodGbRBj7\" target=\"_blank\" rel=\"noopener\">18 Juillet &#8211; Wengelsbach<\/a><\/td>\r\n<\/tr>\r\n<tr style=\"height: 24px\">\r\n<td style=\"width: 7.51379%;height: 24px\">\u00a0<\/td>\r\n<td style=\"width: 37.8755%;height: 24px\"><a href=\"https:\/\/photos.app.goo.gl\/mTgb3pwyZAiybvTu6\" target=\"_blank\" rel=\"noopener\">8 Ao\u00fbt &#8211; Schnepfenried<\/a><\/td>\r\n<td style=\"width: 54.5082%;height: 24px\"><a href=\"https:\/\/photos.app.goo.gl\/t7QMRJ2XwQMTRvDj6\" target=\"_blank\" rel=\"noopener\">12 Septembre &#8211; Drachenbronn<\/a><\/td>\r\n<\/tr>\r\n<tr style=\"height: 24px\">\r\n<td style=\"width: 7.51379%;height: 24px\">\u00a0<\/td>\r\n<td style=\"width: 37.8755%;height: 24px\"><a href=\"https:\/\/photos.app.goo.gl\/emoUnht7pVPGNEGt5\" target=\"_blank\" rel=\"noopener\">10 Octobre &#8211; Burg Landeck \/ Trifels<\/a><\/td>\r\n<td style=\"width: 54.5082%;height: 24px\">\u00a0<\/td>\r\n<\/tr>\r\n<\/tbody>\r\n<\/table>","protected":false},"excerpt":{"rendered":"<p>2020 13 f\u00e9vrier &#8211; Assembl\u00e9e g\u00e9n\u00e9rale 28 juin &#8211; Labaroche, Auberge Obschel \u00a0 19 juillet &#8211; Birckenwald 9 ao\u00fbt &#8211; Oberrotterbach \u00a0 28 ao\u00fbt &#8211; BBQ 20 septembre &#8211; Bambois \u00a0 11 Octobre &#8211; Walschbronn \u00a0 &nbsp; 2021 12 juin&#8230;<br \/><a class=\"read-more-button\" href=\"https:\/\/www.kananas.com\/moto-clubleskochersbikers851\/487-2\/\">Read more<\/a><\/p>\n","protected":false},"author":251,"featured_media":0,"parent":0,"menu_order":0,"comment_status":"closed","ping_status":"closed","template":"","meta":{"_crdt_document":"","footnotes":""},"class_list":["post-487","page","type-page","status-publish","hentry"],"_links":{"self":[{"href":"https:\/\/www.kananas.com\/moto-clubleskochersbikers851\/wp-json\/wp\/v2\/pages\/487","targetHints":{"allow":["GET"]}}],"collection":[{"href":"https:\/\/www.kananas.com\/moto-clubleskochersbikers851\/wp-json\/wp\/v2\/pages"}],"about":[{"href":"https:\/\/www.kananas.com\/moto-clubleskochersbikers851\/wp-json\/wp\/v2\/types\/page"}],"author":[{"embeddable":true,"href":"https:\/\/www.kananas.com\/moto-clubleskochersbikers851\/wp-json\/wp\/v2\/users\/251"}],"replies":[{"embeddable":true,"href":"https:\/\/www.kananas.com\/moto-clubleskochersbikers851\/wp-json\/wp\/v2\/comments?post=487"}],"version-history":[{"count":30,"href":"https:\/\/www.kananas.com\/moto-clubleskochersbikers851\/wp-json\/wp\/v2\/pages\/487\/revisions"}],"predecessor-version":[{"id":540,"href":"https:\/\/www.kananas.com\/moto-clubleskochersbikers851\/wp-json\/wp\/v2\/pages\/487\/revisions\/540"}],"wp:attachment":[{"href":"https:\/\/www.kananas.com\/moto-clubleskochersbikers851\/wp-json\/wp\/v2\/media?parent=487"}],"curies":[{"name":"wp","href":"https:\/\/api.w.org\/{rel}","templated":true}]}}