{"id":281,"date":"2015-02-19T01:18:23","date_gmt":"2015-02-19T00:18:23","guid":{"rendered":"https:\/\/concordeaepc.wordpress.com\/accueil\/"},"modified":"2017-07-15T12:14:00","modified_gmt":"2017-07-15T10:14:00","slug":"accueil-2","status":"publish","type":"page","link":"https:\/\/www.kananas.com\/myassociation962\/accueil-2\/","title":{"rendered":"Dispositif"},"content":{"rendered":"<p>&lt;&#8212;&#8212; <a href=\"http:\/\/www.kananas.com\/myassociation962\/lassociation\/\">Pr\u00e9cedent<\/a><\/p>\n<p style=\"text-align: left\"><strong>L&rsquo;association AEPC CONCORDE g\u00e8re 10 \u00e9tablissements <\/strong><strong>recevant des jeunes (gar\u00e7ons et filles) \u00e2g\u00e9s de 6 \u00e0 21 ans<\/strong><\/p>\n<hr \/>\n<p class=\"para1\" style=\"text-align: justify\"><span style=\"font-size: 14px\">Apr\u00e8s une action de pr\u00e9vention sp\u00e9cialis\u00e9e sur la cit\u00e9 des Bosquets \u00e0 Montfermeil, l&rsquo;Association Concorde a \u00e9t\u00e9 amen\u00e9e \u00e0 cr\u00e9er des structures \u00e9ducatives de prise en charge de jeunes en difficult\u00e9.<\/span><\/p>\n<p class=\"para1\" style=\"text-align: justify\"><span style=\"font-size: 14px\">S&rsquo;int\u00e9grant dans le dispositif de la Protection Judiciaire de la jeunesse et en \u00e9troite relation avec le service de l&rsquo;Aide Sociale \u00e0 l\u2019Enfance du D\u00e9partement de la Seine-Saint-Denis, les huit structures actuelles, implant\u00e9es dans des quartiers pavillonnaires, accueillent selon des modalit\u00e9s diversifi\u00e9es des jeunes en difficult\u00e9.<\/span><\/p>\n<p class=\"para1\" style=\"text-align: justify\"><span style=\"font-size: 14px\">L&rsquo;intention institutionnelle met en place des projets personnalis\u00e9s, favorisant les relations avec les familles, la qualit\u00e9 du cadre de vie, le quotidien rep\u00e9rant et partag\u00e9 et, aussi et surtout, la place laiss\u00e9e \u00e0 l&rsquo;\u00e9coute et \u00e0 la parole. La Maison de Vertault en C\u00f4te d&rsquo;Or est devenue un outil important au service des projets \u00e9ducatifs.<\/span><\/p>\n<p>&nbsp;<\/p>\n","protected":false},"excerpt":{"rendered":"<p>&lt;&#8212;&#8212; Pr\u00e9cedent L&rsquo;association AEPC CONCORDE g\u00e8re 10 \u00e9tablissements recevant des jeunes (gar\u00e7ons et filles) \u00e2g\u00e9s de 6 \u00e0 21 ans<\/p>\n","protected":false},"author":288,"featured_media":0,"parent":0,"menu_order":0,"comment_status":"closed","ping_status":"closed","template":"","meta":{"colormag_page_container_layout":"default_layout","colormag_page_sidebar_layout":"default_layout","_crdt_document":"","footnotes":""},"class_list":["post-281","page","type-page","status-publish","hentry"],"_links":{"self":[{"href":"https:\/\/www.kananas.com\/myassociation962\/wp-json\/wp\/v2\/pages\/281","targetHints":{"allow":["GET"]}}],"collection":[{"href":"https:\/\/www.kananas.com\/myassociation962\/wp-json\/wp\/v2\/pages"}],"about":[{"href":"https:\/\/www.kananas.com\/myassociation962\/wp-json\/wp\/v2\/types\/page"}],"author":[{"embeddable":true,"href":"https:\/\/www.kananas.com\/myassociation962\/wp-json\/wp\/v2\/users\/288"}],"replies":[{"embeddable":true,"href":"https:\/\/www.kananas.com\/myassociation962\/wp-json\/wp\/v2\/comments?post=281"}],"version-history":[{"count":26,"href":"https:\/\/www.kananas.com\/myassociation962\/wp-json\/wp\/v2\/pages\/281\/revisions"}],"predecessor-version":[{"id":1800,"href":"https:\/\/www.kananas.com\/myassociation962\/wp-json\/wp\/v2\/pages\/281\/revisions\/1800"}],"wp:attachment":[{"href":"https:\/\/www.kananas.com\/myassociation962\/wp-json\/wp\/v2\/media?parent=281"}],"curies":[{"name":"wp","href":"https:\/\/api.w.org\/{rel}","templated":true}]}}