{"id":1136,"date":"2013-05-12T11:50:18","date_gmt":"2013-05-12T11:50:18","guid":{"rendered":"http:\/\/www.gestasso.com\/association\/vudenhaut-france\/?page_id=1136"},"modified":"2025-05-30T09:16:56","modified_gmt":"2025-05-30T07:16:56","slug":"deplacements","status":"publish","type":"page","link":"https:\/\/www.kananas.com\/vudenhaut-france\/deplacements\/","title":{"rendered":"Organigramme"},"content":{"rendered":"<blockquote><p>&nbsp;<\/p>\n<p><strong><span style=\"text-decoration: underline\">Association VUDENHAUT<br \/>\n<\/span><\/strong><\/p>\n<ul>\n<li><span style=\"font-size: 10pt\"><em>Pr\u00e9sident : ANTOINE.<\/em><\/span><\/li>\n<li><em><span style=\"font-size: 10pt\">Copr\u00e9sident : GILLES.<\/span><\/em><\/li>\n<li><em><span style=\"font-size: 10pt\">Secr\u00e9taire G\u00e9n\u00e9ral : ANTONIN.<\/span><\/em><\/li>\n<li><em><span style=\"font-size: 10pt\">Tr\u00e9sorier : HERVE.<\/span><\/em><\/li>\n<\/ul>\n<p><strong><span style=\"text-decoration: underline\">Les Contacts F\u00e9d\u00e9ration<\/span><\/strong><\/p>\n<ul>\n<li><em><span style=\"font-size: 10pt\">YVES.<br \/>\n<\/span><\/em><\/li>\n<li><em><span style=\"font-size: 10pt\">R\u00c9GIS<\/span><\/em>.<\/li>\n<\/ul>\n<p><strong><span style=\"text-decoration: underline\">Les Aides<br \/>\n<\/span><\/strong><\/p>\n<ul>\n<li><span style=\"font-size: 10pt\"><em>DOMINIQUE (Vols d\u00e9couvertes)<\/em><\/span><\/li>\n<li><span style=\"font-size: 10pt\"><em>CHRISTIAN (Pr\u00e9sident d&rsquo;honneur et Fondateur)<\/em><\/span><\/li>\n<li><em><span style=\"font-size: 10pt\">PIERRE-YVES (Th\u00e9orie)<\/span><\/em><\/li>\n<li><em><span style=\"font-size: 10pt\">JEAN-NOEL (Th\u00e9orie)<\/span><\/em><\/li>\n<li><span style=\"font-size: 10pt\"><em>YVES (Animation)<\/em><\/span><\/li>\n<li><span style=\"font-size: 10pt\"><em>CLAIRE (Assistante SG)<\/em><\/span><\/li>\n<li>&#8230;<\/li>\n<li>&#8230;<\/li>\n<\/ul>\n<p><strong><span style=\"text-decoration: underline\">Le D.T.O<\/span><\/strong><\/p>\n<ul>\n<li><span style=\"font-size: 10pt\"><em>Directeur &amp; Instructeur LAPL : Gilles AMBROISE.<\/em><\/span><\/li>\n<li><span style=\"font-size: 10pt\"><em>Responsable p\u00e9dagogique &amp; Instructeur PPL\/Nuit : Vincent GAGNAGE.<\/em><\/span><\/li>\n<li><span style=\"font-size: 10pt\"><em>Responsable s\u00e9curit\u00e9 : Thierry NACIO.<\/em><\/span><\/li>\n<li><span style=\"font-size: 10pt\"><em>Instructeur Bimoteur\/IFR Examinateur : Benoit DUSUZEAU.<\/em><\/span><\/li>\n<li><\/li>\n<li><span style=\"font-size: 10pt\"><em>Mathieu BAUDOUIN Instructeur.<\/em><\/span><\/li>\n<li><em><span style=\"font-size: 10pt\">Thierry VILLANUEVA Instructeur.<\/span><\/em><em><span style=\"font-size: 10pt\"><br \/>\n<\/span><\/em><\/li>\n<li><\/li>\n<li><em><span style=\"font-size: 10pt\">\u00a0<\/span><\/em><\/li>\n<li><em><span style=\"font-size: 10pt\">\u00a0<\/span><\/em><\/li>\n<\/ul>\n<p style=\"text-align: center\">&#8212;&#8212;&#8212;&#8212;&#8212;&#8212;&#8212;&#8212;&#8212;&#8212;&#8212;&#8212;&#8212;&#8212;&#8212;&#8212;&#8211;<\/p>\n<\/blockquote>\n<p>&nbsp;<\/p>\n<p>&nbsp;<\/p>\n<blockquote>\n<p style=\"text-align: center\">\n<\/blockquote>\n","protected":false},"excerpt":{"rendered":"<p>&nbsp; Association VUDENHAUT Pr\u00e9sident : ANTOINE. Copr\u00e9sident : GILLES. Secr\u00e9taire G\u00e9n\u00e9ral : ANTONIN. Tr\u00e9sorier : HERVE. Les Contacts F\u00e9d\u00e9ration YVES. R\u00c9GIS. Les Aides DOMINIQUE (Vols d\u00e9couvertes) CHRISTIAN (Pr\u00e9sident d&rsquo;honneur et Fondateur) PIERRE-YVES (Th\u00e9orie) JEAN-NOEL (Th\u00e9orie) YVES (Animation) CLAIRE (Assistante SG) &hellip; <a href=\"https:\/\/www.kananas.com\/vudenhaut-france\/deplacements\/\">Continuer la lecture <span class=\"meta-nav\">&rarr;<\/span><\/a><\/p>\n","protected":false},"author":1102,"featured_media":0,"parent":0,"menu_order":4,"comment_status":"closed","ping_status":"closed","template":"","meta":{"_crdt_document":"","footnotes":""},"class_list":["post-1136","page","type-page","status-publish","hentry"],"_links":{"self":[{"href":"https:\/\/www.kananas.com\/vudenhaut-france\/wp-json\/wp\/v2\/pages\/1136","targetHints":{"allow":["GET"]}}],"collection":[{"href":"https:\/\/www.kananas.com\/vudenhaut-france\/wp-json\/wp\/v2\/pages"}],"about":[{"href":"https:\/\/www.kananas.com\/vudenhaut-france\/wp-json\/wp\/v2\/types\/page"}],"author":[{"embeddable":true,"href":"https:\/\/www.kananas.com\/vudenhaut-france\/wp-json\/wp\/v2\/users\/1102"}],"replies":[{"embeddable":true,"href":"https:\/\/www.kananas.com\/vudenhaut-france\/wp-json\/wp\/v2\/comments?post=1136"}],"version-history":[{"count":10,"href":"https:\/\/www.kananas.com\/vudenhaut-france\/wp-json\/wp\/v2\/pages\/1136\/revisions"}],"predecessor-version":[{"id":2738,"href":"https:\/\/www.kananas.com\/vudenhaut-france\/wp-json\/wp\/v2\/pages\/1136\/revisions\/2738"}],"wp:attachment":[{"href":"https:\/\/www.kananas.com\/vudenhaut-france\/wp-json\/wp\/v2\/media?parent=1136"}],"curies":[{"name":"wp","href":"https:\/\/api.w.org\/{rel}","templated":true}]}}